{"id":1389,"date":"2020-07-28T18:49:23","date_gmt":"2020-07-28T18:49:23","guid":{"rendered":"http:\/\/martin.buergener.de\/?page_id=1389"},"modified":"2021-08-14T14:58:45","modified_gmt":"2021-08-14T14:58:45","slug":"meine-radtouren-tipps","status":"publish","type":"page","link":"http:\/\/martin.buergener.de\/startseite\/meine-radtouren-tipps\/","title":{"rendered":"Meine Radtouren-Tipps"},"content":{"rendered":"[et_pb_section fb_built=&#8220;1&#8243; next_background_color=&#8220;#ffffff&#8220; _builder_version=&#8220;4.9.4&#8243; _module_preset=&#8220;default&#8220; background_color=&#8220;rgba(89,89,89,0)&#8220; use_background_color_gradient=&#8220;on&#8220; background_color_gradient_start=&#8220;#969696&#8243; background_image=&#8220;http:\/\/martin.buergener.de\/wp-content\/uploads\/2021\/08\/Race-am-Rhein-09-16.jpeg&#8220; vertical_offset=&#8220;0px&#8220; custom_padding=&#8220;467px|||||&#8220; bottom_divider_style=&#8220;asymmetric2&#8243;][et_pb_row _builder_version=&#8220;4.9.4&#8243; _module_preset=&#8220;default&#8220;][et_pb_column type=&#8220;4_4&#8243; _builder_version=&#8220;4.9.4&#8243; _module_preset=&#8220;default&#8220;][et_pb_text _builder_version=&#8220;4.9.4&#8243; _module_preset=&#8220;default&#8220; header_font=&#8220;Abhaya Libre||||||||&#8220; header_text_color=&#8220;#FFFFFF&#8220; header_font_size=&#8220;100px&#8220; header_text_shadow_style=&#8220;preset3&#8243; header_text_shadow_color=&#8220;#000000&#8243;]<h1 style=\"text-align: center;\">Meine Radtouren<\/h1>[\/et_pb_text][\/et_pb_column][\/et_pb_row][\/et_pb_section][et_pb_section fb_built=&#8220;1&#8243; admin_label=&#8220;Our Story&#8220; _builder_version=&#8220;3.22&#8243; background_color=&#8220;#ffffff&#8220; background_position=&#8220;top_left&#8220; custom_padding=&#8220;24px|0px|12px|0px||&#8220; collapsed=&#8220;off&#8220;][et_pb_row column_structure=&#8220;1_2,1_2&#8243; _builder_version=&#8220;4.9.4&#8243; background_size=&#8220;initial&#8220; background_position=&#8220;top_left&#8220; background_repeat=&#8220;repeat&#8220; custom_margin=&#8220;|||&#8220; custom_padding=&#8220;|||&#8220; border_width_bottom=&#8220;1px&#8220; border_color_bottom=&#8220;#666666&#8243;][et_pb_column type=&#8220;1_2&#8243; _builder_version=&#8220;3.25&#8243; background_position=&#8220;top_left&#8220; custom_padding=&#8220;|||&#8220; custom_padding__hover=&#8220;|||&#8220;][et_pb_text _builder_version=&#8220;4.9.4&#8243; text_font=&#8220;||||||||&#8220; header_font=&#8220;||||||||&#8220; header_3_font=&#8220;Montserrat|700||on|||||&#8220; header_3_text_color=&#8220;#bfbfbf&#8220; header_3_font_size=&#8220;14px&#8220; header_3_letter_spacing=&#8220;2px&#8220; header_3_line_height=&#8220;1.3em&#8220; background_size=&#8220;initial&#8220; background_position=&#8220;top_left&#8220; background_repeat=&#8220;repeat&#8220; module_alignment=&#8220;center&#8220; custom_margin=&#8220;||12px|&#8220; custom_padding=&#8220;|||&#8220; animation_style=&#8220;slide&#8220; animation_direction=&#8220;bottom&#8220; saved_tabs=&#8220;all&#8220; locked=&#8220;off&#8220; text_letter_spacing__hover=&#8220;0px&#8220; text_letter_spacing__hover_enabled=&#8220;0px&#8220; text_line_height__hover=&#8220;1.7em&#8220; text_line_height__hover_enabled=&#8220;1.7em&#8220; text_orientation__hover=&#8220;left&#8220; text_orientation__hover_enabled=&#8220;left&#8220; text_font_size__hover=&#8220;14px&#8220; text_font_size__hover_enabled=&#8220;14px&#8220; text_text_shadow_style__hover=&#8220;none&#8220; text_text_shadow_style__hover_enabled=&#8220;none&#8220; text_text_shadow_color__hover=&#8220;rgba(0,0,0,0.4)&#8220; text_text_shadow_color__hover_enabled=&#8220;rgba(0,0,0,0.4)&#8220; link_font_size__hover=&#8220;14px&#8220; link_font_size__hover_enabled=&#8220;14px&#8220; link_letter_spacing__hover=&#8220;0px&#8220; link_letter_spacing__hover_enabled=&#8220;0px&#8220; link_line_height__hover=&#8220;1em&#8220; link_line_height__hover_enabled=&#8220;1em&#8220; link_text_shadow_style__hover=&#8220;none&#8220; link_text_shadow_style__hover_enabled=&#8220;none&#8220; link_text_shadow_color__hover=&#8220;rgba(0,0,0,0.4)&#8220; link_text_shadow_color__hover_enabled=&#8220;rgba(0,0,0,0.4)&#8220; ul_font_size__hover=&#8220;14px&#8220; ul_font_size__hover_enabled=&#8220;14px&#8220; ul_letter_spacing__hover=&#8220;0px&#8220; ul_letter_spacing__hover_enabled=&#8220;0px&#8220; ul_line_height__hover=&#8220;1em&#8220; ul_line_height__hover_enabled=&#8220;1em&#8220; ul_text_shadow_style__hover=&#8220;none&#8220; ul_text_shadow_style__hover_enabled=&#8220;none&#8220; ul_text_shadow_color__hover=&#8220;rgba(0,0,0,0.4)&#8220; ul_text_shadow_color__hover_enabled=&#8220;rgba(0,0,0,0.4)&#8220; ol_font_size__hover=&#8220;14px&#8220; ol_font_size__hover_enabled=&#8220;14px&#8220; ol_letter_spacing__hover=&#8220;0px&#8220; ol_letter_spacing__hover_enabled=&#8220;0px&#8220; ol_line_height__hover=&#8220;1em&#8220; ol_line_height__hover_enabled=&#8220;1em&#8220; ol_text_shadow_style__hover=&#8220;none&#8220; ol_text_shadow_style__hover_enabled=&#8220;none&#8220; ol_text_shadow_color__hover=&#8220;rgba(0,0,0,0.4)&#8220; ol_text_shadow_color__hover_enabled=&#8220;rgba(0,0,0,0.4)&#8220; quote_font_size__hover=&#8220;14px&#8220; quote_font_size__hover_enabled=&#8220;14px&#8220; quote_letter_spacing__hover=&#8220;0px&#8220; quote_letter_spacing__hover_enabled=&#8220;0px&#8220; quote_line_height__hover=&#8220;1em&#8220; quote_line_height__hover_enabled=&#8220;1em&#8220; quote_text_shadow_style__hover=&#8220;none&#8220; quote_text_shadow_style__hover_enabled=&#8220;none&#8220; quote_text_shadow_color__hover=&#8220;rgba(0,0,0,0.4)&#8220; quote_text_shadow_color__hover_enabled=&#8220;rgba(0,0,0,0.4)&#8220; background_layout__hover=&#8220;light&#8220; background_layout__hover_enabled=&#8220;light&#8220;]<h3>Was mich bewegt&#8230;<\/h3>[\/et_pb_text][et_pb_divider show_divider=&#8220;off&#8220; _builder_version=&#8220;3.2&#8243; max_width=&#8220;60px&#8220; module_alignment=&#8220;left&#8220; custom_margin=&#8220;||10px|&#8220; saved_tabs=&#8220;all&#8220; locked=&#8220;off&#8220;][\/et_pb_divider][et_pb_text disabled_on=&#8220;on|on|off&#8220; _builder_version=&#8220;4.9.4&#8243; text_font=&#8220;||||||||&#8220; header_font=&#8220;||||||||&#8220; header_2_font=&#8220;Playfair Display||||&#8220; header_2_font_size=&#8220;48px&#8220; header_2_line_height=&#8220;1.3em&#8220; background_size=&#8220;initial&#8220; background_position=&#8220;top_left&#8220; background_repeat=&#8220;repeat&#8220; header_font_size__hover=&#8220;30px&#8220; header_font_size__hover_enabled=&#8220;30px&#8220; header_letter_spacing__hover=&#8220;0px&#8220; header_letter_spacing__hover_enabled=&#8220;0px&#8220; header_text_shadow_style__hover=&#8220;none&#8220; header_text_shadow_style__hover_enabled=&#8220;none&#8220; header_text_shadow_color__hover=&#8220;rgba(0,0,0,0.4)&#8220; header_text_shadow_color__hover_enabled=&#8220;rgba(0,0,0,0.4)&#8220;]<h2>Meine Radtouren<\/h2>[\/et_pb_text][et_pb_text _builder_version=&#8220;4.9.4&#8243; text_font=&#8220;Montserrat||||&#8220; text_text_color=&#8220;#939393&#8243; text_font_size=&#8220;17px&#8220; text_line_height=&#8220;1.8em&#8220; header_font=&#8220;||||&#8220; background_size=&#8220;initial&#8220; background_position=&#8220;top_left&#8220; background_repeat=&#8220;repeat&#8220; max_width=&#8220;700px&#8220; animation_style=&#8220;slide&#8220; animation_direction=&#8220;top&#8220; animation_intensity_slide=&#8220;4%&#8220;]<p><span>Hier findet Ihr jede Menge Vorschl\u00e4ge f\u00fcr Touren rund um Velbert oder auch weiter weg in verschiedenen Urlaubsorten. Die Touren sind optimal f\u00fcr Hobby-Sportler oder eBiker. Hochleistungssportler sind sicherlich unter-, Gelegenheit-Radler \u00fcberfordert :-)\u201eKinder gro\u00df, Firma l\u00e4uft auch mal ohne mich und was mache ich jetzt mit meiner Zeit?\u201c Diese Frage musste ich mir garnicht stellen, denn meine Freunde inspirierten und motivierten mich zu einem wunderbaren Hobby.<\/span><\/p>\n<p><span>2011 setzte ich mich nach langer Zeit mal wieder auf mein Fahrrad und schon nach kurzer Zeit und einigen Neuinvestitionen wurde daraus schnell ein Hochleistungssport. An den Jedermann-Rennen: 24 Stunden Rad am Ring in der Staffel, Race am Rhein und Giro M\u00fcnsterland habe ich mit viel Enthusiasmus und Ehrgeiz teilgenommen. Mittlerweile genie\u00dfe ich wieder eher die Natur mit meinem MTB zusammen mit meinen &#8222;Kumpels&#8220; oder meinem Schatz. Immer auf der Suche nach der perfekten Tour, von denen es schon so einige gibt.<\/span><span><\/span><\/p>\n<p><span>Auf meiner Blogseite stelle ich Euch die Touren vor. Klickt mal rein. Hier findet Ihr jede Menge Vorschl\u00e4ge f\u00fcr Touren rund um Velbert oder auch weiter weg in verschiedenen Urlaubsorten. Die Touren sind optimal f\u00fcr Hobby-Sportler oder eBiker. Hochleistungssportler sind sicherlich unter-, Gelegenheit-Radler \u00fcberfordert \ud83d\ude42<\/span><\/p>\n<p><span><\/span><\/p>[\/et_pb_text][\/et_pb_column][et_pb_column type=&#8220;1_2&#8243; _builder_version=&#8220;3.25&#8243; background_position=&#8220;top_left&#8220; custom_padding=&#8220;|||&#8220; custom_padding__hover=&#8220;|||&#8220;][et_pb_image src=&#8220;http:\/\/martin.buergener.de\/wp-content\/uploads\/2021\/08\/IMG_2014.jpeg&#8220; title_text=&#8220;Martin auf dem Fahrrad am Baldeneysee 2021&#8243; _builder_version=&#8220;4.9.4&#8243; animation_style=&#8220;slide&#8220; animation_direction=&#8220;left&#8220; animation_intensity_slide=&#8220;10%&#8220; always_center_on_mobile=&#8220;off&#8220;][\/et_pb_image][et_pb_image src=&#8220;http:\/\/martin.buergener.de\/wp-content\/uploads\/2021\/08\/IMG_1982.jpeg&#8220; title_text=&#8220;Tina und Martin Radtour Oefte 07\/2021&#8243; _builder_version=&#8220;4.9.4&#8243; _module_preset=&#8220;default&#8220;][\/et_pb_image][\/et_pb_column][\/et_pb_row][\/et_pb_section][et_pb_section fb_built=&#8220;1&#8243; _builder_version=&#8220;4.9.4&#8243; _module_preset=&#8220;default&#8220; custom_padding=&#8220;7px|||||&#8220;][et_pb_row column_structure=&#8220;1_3,1_3,1_3&#8243; _builder_version=&#8220;4.9.4&#8243; _module_preset=&#8220;default&#8220; custom_padding=&#8220;14px|||||&#8220;][et_pb_column type=&#8220;1_3&#8243; _builder_version=&#8220;4.9.4&#8243; _module_preset=&#8220;default&#8220;][et_pb_image src=&#8220;http:\/\/martin.buergener.de\/wp-content\/uploads\/2021\/08\/Tegernsee-Tour-2015-4.jpeg&#8220; title_text=&#8220;Tegernsee Tour 2015 (4)&#8220; _builder_version=&#8220;4.9.4&#8243; _module_preset=&#8220;default&#8220;][\/et_pb_image][\/et_pb_column][et_pb_column type=&#8220;1_3&#8243; _builder_version=&#8220;4.9.4&#8243; _module_preset=&#8220;default&#8220;][et_pb_image src=&#8220;http:\/\/martin.buergener.de\/wp-content\/uploads\/2021\/08\/Tegernsee-Tour-2015-19.jpeg&#8220; title_text=&#8220;Tegernsee Tour 2015 (19)&#8220; _builder_version=&#8220;4.9.4&#8243; _module_preset=&#8220;default&#8220;][\/et_pb_image][\/et_pb_column][et_pb_column type=&#8220;1_3&#8243; _builder_version=&#8220;4.9.4&#8243; _module_preset=&#8220;default&#8220;][et_pb_text _builder_version=&#8220;4.9.4&#8243; _module_preset=&#8220;default&#8220; header_font=&#8220;Playfair Display||||||||&#8220; custom_margin=&#8220;||-5px|||&#8220; custom_padding=&#8220;||0px|||&#8220;]<h1>Die Tour meines Lebens \ud83d\ude42<\/h1>\n<p>&nbsp;<\/p>[\/et_pb_text][et_pb_text _builder_version=&#8220;4.9.4&#8243; _module_preset=&#8220;default&#8220;]<p>In 5,5 Tagen von Velbert nach Rottach-Egern am Tegernsee. Die Tour geh\u00f6rt sicherlich zu den Highlights in meinem Leben. In meinem Blogbeitrag findet Ihr die komplette Strecke mit ein paar Bildern, Zusatzinfos und Ausz\u00fcgen aus meinem Tagebuch der Tour. Klickt mal rein. Viel Spa\u00df dabei und &#8230; Nachmachen empfohlen \ud83d\ude42<\/p>\n<p>Hier gehts zum Blogbeitrag:<\/p>\n<p>&nbsp;<\/p>[\/et_pb_text][\/et_pb_column][\/et_pb_row][\/et_pb_section][et_pb_section fb_built=&#8220;1&#8243; _builder_version=&#8220;4.9.4&#8243; _module_preset=&#8220;default&#8220;][et_pb_row column_structure=&#8220;1_4,1_4,1_4,1_4&#8243; _builder_version=&#8220;4.9.4&#8243; _module_preset=&#8220;default&#8220;][et_pb_column type=&#8220;1_4&#8243; _builder_version=&#8220;4.9.4&#8243; _module_preset=&#8220;default&#8220;][et_pb_blog posts_number=&#8220;1&#8243; include_categories=&#8220;94,116&#8243; _builder_version=&#8220;4.9.4&#8243; _module_preset=&#8220;default&#8220; hover_enabled=&#8220;0&#8243; header_font=&#8220;Playfair Display||||||||&#8220; header_font_size=&#8220;19px&#8220; header_line_height=&#8220;1.4em&#8220; meta_font=&#8220;Montserrat|600|||||||&#8220; body_font=&#8220;Montserrat||||||||&#8220; sticky_enabled=&#8220;0&#8243;][\/et_pb_blog][\/et_pb_column][et_pb_column _builder_version=&#8220;4.9.4&#8243; _module_preset=&#8220;default&#8220; type=&#8220;1_4&#8243;][et_pb_blog posts_number=&#8220;1&#8243; include_categories=&#8220;94,116&#8243; offset_number=&#8220;1&#8243; _builder_version=&#8220;4.9.4&#8243; _module_preset=&#8220;default&#8220; hover_enabled=&#8220;0&#8243; header_font=&#8220;Playfair Display||||||||&#8220; header_font_size=&#8220;19px&#8220; header_line_height=&#8220;1.4em&#8220; meta_font=&#8220;Montserrat|600|||||||&#8220; body_font=&#8220;Montserrat||||||||&#8220; sticky_enabled=&#8220;0&#8243;][\/et_pb_blog][\/et_pb_column][et_pb_column _builder_version=&#8220;4.9.4&#8243; _module_preset=&#8220;default&#8220; type=&#8220;1_4&#8243;][et_pb_blog posts_number=&#8220;1&#8243; include_categories=&#8220;94,116&#8243; offset_number=&#8220;2&#8243; _builder_version=&#8220;4.9.4&#8243; _module_preset=&#8220;default&#8220; hover_enabled=&#8220;0&#8243; header_font=&#8220;Playfair Display||||||||&#8220; header_font_size=&#8220;19px&#8220; header_line_height=&#8220;1.4em&#8220; meta_font=&#8220;Montserrat|600|||||||&#8220; body_font=&#8220;Montserrat||||||||&#8220; sticky_enabled=&#8220;0&#8243;][\/et_pb_blog][\/et_pb_column][et_pb_column type=&#8220;1_4&#8243; _builder_version=&#8220;4.9.4&#8243; _module_preset=&#8220;default&#8220;][et_pb_blog posts_number=&#8220;1&#8243; include_categories=&#8220;94,116&#8243; offset_number=&#8220;3&#8243; _builder_version=&#8220;4.9.4&#8243; _module_preset=&#8220;default&#8220; hover_enabled=&#8220;0&#8243; header_font=&#8220;Playfair Display||||||||&#8220; header_font_size=&#8220;19px&#8220; header_line_height=&#8220;1.4em&#8220; meta_font=&#8220;Montserrat|600|||||||&#8220; body_font=&#8220;Montserrat||||||||&#8220; sticky_enabled=&#8220;0&#8243;][\/et_pb_blog][\/et_pb_column][\/et_pb_row][\/et_pb_section][et_pb_section fb_built=&#8220;1&#8243; admin_label=&#8220;section&#8220; _builder_version=&#8220;3.22&#8243;][et_pb_row admin_label=&#8220;row&#8220; _builder_version=&#8220;3.25&#8243; background_size=&#8220;initial&#8220; background_position=&#8220;top_left&#8220; background_repeat=&#8220;repeat&#8220;][et_pb_column type=&#8220;4_4&#8243; _builder_version=&#8220;3.25&#8243; custom_padding=&#8220;|||&#8220; custom_padding__hover=&#8220;|||&#8220;][et_pb_text admin_label=&#8220;Text&#8220; _builder_version=&#8220;3.27.4&#8243; background_size=&#8220;initial&#8220; background_position=&#8220;top_left&#8220; background_repeat=&#8220;repeat&#8220;]\n<p>Hier findet Ihr jede Menge Vorschl\u00e4ge f\u00fcr Touren rund um Velbert oder auch weiter weg in verschiedenen Urlaubsorten. Die Touren sind optimal f\u00fcr Hobby-Sportler oder eBiker. Hochleistungssportler sind sicherlich unter-, Gelegenheit-Radler \u00fcberfordert \ud83d\ude42<\/p>\n\n\n\n<h2>Die Lenne-Route von Winterberg nach Hagen.<\/h2>\n\n\n\n<figure class=\"wp-block-image size-large\"><img loading=\"lazy\" width=\"1024\" height=\"590\" src=\"http:\/\/martin.buergener.de\/wp-content\/uploads\/2020\/07\/Lenneroute_Teil1-1024x590.jpg\" alt=\"\" class=\"wp-image-1460\" srcset=\"http:\/\/martin.buergener.de\/wp-content\/uploads\/2020\/07\/Lenneroute_Teil1-1024x590.jpg 1024w, http:\/\/martin.buergener.de\/wp-content\/uploads\/2020\/07\/Lenneroute_Teil1-600x346.jpg 600w, http:\/\/martin.buergener.de\/wp-content\/uploads\/2020\/07\/Lenneroute_Teil1-300x173.jpg 300w, http:\/\/martin.buergener.de\/wp-content\/uploads\/2020\/07\/Lenneroute_Teil1-768x443.jpg 768w, http:\/\/martin.buergener.de\/wp-content\/uploads\/2020\/07\/Lenneroute_Teil1.jpg 1100w\" sizes=\"(max-width: 1024px) 100vw, 1024px\" \/><figcaption>Klickt auf den Komoot-Link und schaut Euch die Tour im Detail an.<\/figcaption><\/figure>\n\n\n\n<p><a href=\"https:\/\/www.komoot.de\/tour\/217673666?ref=wtd\">https:\/\/www.komoot.de\/tour\/217673666?ref=wtd<\/a><\/p>\n[\/et_pb_text][\/et_pb_column][\/et_pb_row][\/et_pb_section]","protected":false},"excerpt":{"rendered":"<p>[et_pb_section fb_built=&#8220;1&#8243; next_background_color=&#8220;#ffffff&#8220; _builder_version=&#8220;4.9.4&#8243; _module_preset=&#8220;default&#8220; background_color=&#8220;rgba(89,89,89,0)&#8220; use_background_color_gradient=&#8220;on&#8220; background_color_gradient_start=&#8220;#969696&#8243; background_image=&#8220;http:\/\/martin.buergener.de\/wp-content\/uploads\/2021\/08\/Race-am-Rhein-09-16.jpeg&#8220; vertical_offset=&#8220;0px&#8220; custom_padding=&#8220;467px|||||&#8220; bottom_divider_style=&#8220;asymmetric2&#8243;][et_pb_row _builder_version=&#8220;4.9.4&#8243; _module_preset=&#8220;default&#8220;][et_pb_column type=&#8220;4_4&#8243; _builder_version=&#8220;4.9.4&#8243; _module_preset=&#8220;default&#8220;][et_pb_text _builder_version=&#8220;4.9.4&#8243; _module_preset=&#8220;default&#8220; header_font=&#8220;Abhaya Libre||||||||&#8220; header_text_color=&#8220;#FFFFFF&#8220; header_font_size=&#8220;100px&#8220; header_text_shadow_style=&#8220;preset3&#8243; header_text_shadow_color=&#8220;#000000&#8243;] Meine Radtouren [\/et_pb_text][\/et_pb_column][\/et_pb_row][\/et_pb_section][et_pb_section fb_built=&#8220;1&#8243; admin_label=&#8220;Our Story&#8220; _builder_version=&#8220;3.22&#8243; background_color=&#8220;#ffffff&#8220; background_position=&#8220;top_left&#8220; custom_padding=&#8220;24px|0px|12px|0px||&#8220; collapsed=&#8220;off&#8220;][et_pb_row column_structure=&#8220;1_2,1_2&#8243; _builder_version=&#8220;4.9.4&#8243; background_size=&#8220;initial&#8220; background_position=&#8220;top_left&#8220; background_repeat=&#8220;repeat&#8220; custom_margin=&#8220;|||&#8220; custom_padding=&#8220;|||&#8220; border_width_bottom=&#8220;1px&#8220; border_color_bottom=&#8220;#666666&#8243;][et_pb_column type=&#8220;1_2&#8243; _builder_version=&#8220;3.25&#8243; background_position=&#8220;top_left&#8220; custom_padding=&#8220;|||&#8220; custom_padding__hover=&#8220;|||&#8220;][et_pb_text _builder_version=&#8220;4.9.4&#8243; text_font=&#8220;||||||||&#8220; header_font=&#8220;||||||||&#8220; header_3_font=&#8220;Montserrat|700||on|||||&#8220; header_3_text_color=&#8220;#bfbfbf&#8220; [&hellip;]<\/p>\n","protected":false},"author":1,"featured_media":0,"parent":0,"menu_order":0,"comment_status":"closed","ping_status":"closed","template":"","meta":{"_et_pb_use_builder":"on","_et_pb_old_content":"<!-- wp:paragraph -->\n<p>Hier findet Ihr jede Menge Vorschl\u00e4ge f\u00fcr Touren rund um Velbert oder auch weiter weg in verschiedenen Urlaubsorten. Die Touren sind optimal f\u00fcr Hobby-Sportler oder eBiker. Hochleistungssportler sind sicherlich unter-, Gelegenheit-Radler \u00fcberfordert :-)<\/p>\n<!-- \/wp:paragraph -->\n\n<!-- wp:heading -->\n<h2>Die Lenne-Route von Winterberg nach Hagen.<\/h2>\n<!-- \/wp:heading -->\n\n<!-- wp:image {\"id\":1460,\"sizeSlug\":\"large\"} -->\n<figure class=\"wp-block-image size-large\"><img src=\"http:\/\/martin.buergener.de\/wp-content\/uploads\/2020\/07\/Lenneroute_Teil1-1024x590.jpg\" alt=\"\" class=\"wp-image-1460\"\/><figcaption>Klickt auf den Komoot-Link und schaut Euch die Tour im Detail an.<\/figcaption><\/figure>\n<!-- \/wp:image -->\n\n<!-- wp:paragraph -->\n<p><a href=\"https:\/\/www.komoot.de\/tour\/217673666?ref=wtd\">https:\/\/www.komoot.de\/tour\/217673666?ref=wtd<\/a><\/p>\n<!-- \/wp:paragraph -->","_et_gb_content_width":""},"_links":{"self":[{"href":"http:\/\/martin.buergener.de\/startseite\/wp-json\/wp\/v2\/pages\/1389"}],"collection":[{"href":"http:\/\/martin.buergener.de\/startseite\/wp-json\/wp\/v2\/pages"}],"about":[{"href":"http:\/\/martin.buergener.de\/startseite\/wp-json\/wp\/v2\/types\/page"}],"author":[{"embeddable":true,"href":"http:\/\/martin.buergener.de\/startseite\/wp-json\/wp\/v2\/users\/1"}],"replies":[{"embeddable":true,"href":"http:\/\/martin.buergener.de\/startseite\/wp-json\/wp\/v2\/comments?post=1389"}],"version-history":[{"count":17,"href":"http:\/\/martin.buergener.de\/startseite\/wp-json\/wp\/v2\/pages\/1389\/revisions"}],"predecessor-version":[{"id":2438,"href":"http:\/\/martin.buergener.de\/startseite\/wp-json\/wp\/v2\/pages\/1389\/revisions\/2438"}],"wp:attachment":[{"href":"http:\/\/martin.buergener.de\/startseite\/wp-json\/wp\/v2\/media?parent=1389"}],"curies":[{"name":"wp","href":"https:\/\/api.w.org\/{rel}","templated":true}]}}