{"id":1371,"date":"2020-07-28T18:40:48","date_gmt":"2020-07-28T18:40:48","guid":{"rendered":"http:\/\/martin.buergener.de\/?page_id=1371"},"modified":"2021-08-01T16:00:50","modified_gmt":"2021-08-01T16:00:50","slug":"ueber-mich","status":"publish","type":"page","link":"http:\/\/martin.buergener.de\/startseite\/ueber-mich\/","title":{"rendered":"Das bin ich&#8230;"},"content":{"rendered":"<p>[et_pb_section fb_built=&#8220;1&#8243; next_background_color=&#8220;#ffffff&#8220; _builder_version=&#8220;4.9.4&#8243; _module_preset=&#8220;default&#8220; background_color=&#8220;rgba(89,89,89,0)&#8220; use_background_color_gradient=&#8220;on&#8220; background_color_gradient_start=&#8220;#969696&#8243; background_image=&#8220;http:\/\/martin.buergener.de\/wp-content\/uploads\/2021\/08\/Martin-Bue-Meran-1970.jpg&#8220; vertical_offset=&#8220;0px&#8220; custom_padding=&#8220;467px|||||&#8220; bottom_divider_style=&#8220;asymmetric2&#8243;][et_pb_row _builder_version=&#8220;4.9.4&#8243; _module_preset=&#8220;default&#8220;][et_pb_column type=&#8220;4_4&#8243; _builder_version=&#8220;4.9.4&#8243; _module_preset=&#8220;default&#8220;][et_pb_text _builder_version=&#8220;4.9.4&#8243; _module_preset=&#8220;default&#8220; header_font=&#8220;Abhaya Libre||||||||&#8220; header_text_color=&#8220;#FFFFFF&#8220; header_font_size=&#8220;100px&#8220;]<\/p>\n<h1 style=\"text-align: center;\">\u00dcber mich&#8230;<\/h1>\n<p>[\/et_pb_text][\/et_pb_column][\/et_pb_row][\/et_pb_section][et_pb_section fb_built=&#8220;1&#8243; admin_label=&#8220;Our Story&#8220; _builder_version=&#8220;4.9.4&#8243; background_color=&#8220;#ffffff&#8220; background_position=&#8220;top_left&#8220; custom_padding=&#8220;0px|0px|0px|0px||&#8220; border_width_bottom=&#8220;2px&#8220; border_color_bottom=&#8220;RGBA(221,221,221,0.62)&#8220; collapsed=&#8220;off&#8220;][et_pb_row column_structure=&#8220;1_2,1_2&#8243; _builder_version=&#8220;3.25&#8243; background_size=&#8220;initial&#8220; background_position=&#8220;top_left&#8220; background_repeat=&#8220;repeat&#8220; custom_margin=&#8220;|||&#8220; custom_padding=&#8220;|||&#8220;][et_pb_column type=&#8220;1_2&#8243; _builder_version=&#8220;3.25&#8243; background_position=&#8220;top_left&#8220; custom_padding=&#8220;|||&#8220; custom_padding__hover=&#8220;|||&#8220;][et_pb_divider show_divider=&#8220;off&#8220; _builder_version=&#8220;3.2&#8243; max_width=&#8220;60px&#8220; module_alignment=&#8220;left&#8220; custom_margin=&#8220;||10px|&#8220; saved_tabs=&#8220;all&#8220; locked=&#8220;off&#8220;][\/et_pb_divider][et_pb_text disabled_on=&#8220;on|on|off&#8220; _builder_version=&#8220;4.9.4&#8243; text_font=&#8220;||||||||&#8220; header_font=&#8220;||||||||&#8220; header_2_font=&#8220;Playfair Display||||&#8220; header_2_font_size=&#8220;48px&#8220; header_2_line_height=&#8220;1.3em&#8220; background_size=&#8220;initial&#8220; background_position=&#8220;top_left&#8220; background_repeat=&#8220;repeat&#8220; header_font_size__hover=&#8220;30px&#8220; header_font_size__hover_enabled=&#8220;30px&#8220; header_letter_spacing__hover=&#8220;0px&#8220; header_letter_spacing__hover_enabled=&#8220;0px&#8220; header_text_shadow_style__hover=&#8220;none&#8220; header_text_shadow_style__hover_enabled=&#8220;none&#8220; header_text_shadow_color__hover=&#8220;rgba(0,0,0,0.4)&#8220; header_text_shadow_color__hover_enabled=&#8220;rgba(0,0,0,0.4)&#8220;]<\/p>\n<h2>Gl\u00fcckliche Kindheit,<br \/>gl\u00fccklich im Leben!<\/h2>\n<p>&nbsp;<\/p>\n<p>[\/et_pb_text][et_pb_text _builder_version=&#8220;4.9.4&#8243; text_font=&#8220;Montserrat||||&#8220; text_text_color=&#8220;#939393&#8243; text_font_size=&#8220;17px&#8220; text_line_height=&#8220;1.8em&#8220; header_font=&#8220;||||&#8220; background_size=&#8220;initial&#8220; background_position=&#8220;top_left&#8220; background_repeat=&#8220;repeat&#8220; max_width=&#8220;700px&#8220; animation_style=&#8220;slide&#8220; animation_direction=&#8220;top&#8220; animation_intensity_slide=&#8220;4%&#8220;]<\/p>\n<p><span style=\"font-size: 17px;\">1965 in Velbert geboren, dem Ort, den ich seitdem lediglich f\u00fcr Urlaube oder Aussentermine verlasse. \u00dcbergl\u00fccklich lebe ich hier, was in erster Linie daran liegt, dass ich all meine Lieblingsmenschen hier um mich herum habe.<\/span><\/p>\n<p><span style=\"font-size: 17px;\">Wenn der Langenhorster Wald direkt hinter dem Gartenzaun beginnt steht einer gl\u00fccklichen Kindheit mit &#8222;Naturn\u00e4he&#8220; nichts im Wege. Hat man f\u00fcr Schlechtwettertage noch einer \u00fcberdimensionale Legokiste kann es besser nicht sein &#8211; wenn da ja nicht die Schule w\u00e4re \ud83d\ude42<\/span><\/p>\n<p>[\/et_pb_text][\/et_pb_column][et_pb_column type=&#8220;1_2&#8243; _builder_version=&#8220;3.25&#8243; background_position=&#8220;top_left&#8220; custom_padding=&#8220;|||&#8220; custom_padding__hover=&#8220;|||&#8220;][et_pb_image src=&#8220;http:\/\/martin.buergener.de\/wp-content\/uploads\/2021\/08\/Martin-Bue-Legokiste.jpeg&#8220; alt=&#8220;Gl\u00fcckliche Kindheit&#8220; title_text=&#8220;Martin B\u00fc Legokiste&#8220; _builder_version=&#8220;4.9.4&#8243; animation_style=&#8220;slide&#8220; animation_direction=&#8220;left&#8220; animation_intensity_slide=&#8220;10%&#8220; always_center_on_mobile=&#8220;off&#8220;][\/et_pb_image][\/et_pb_column][\/et_pb_row][\/et_pb_section][et_pb_section fb_built=&#8220;1&#8243; fullwidth=&#8220;on&#8220; _builder_version=&#8220;4.9.4&#8243; _module_preset=&#8220;default&#8220;][\/et_pb_section][et_pb_section fb_built=&#8220;1&#8243; _builder_version=&#8220;4.9.4&#8243; _module_preset=&#8220;default&#8220; custom_padding=&#8220;0px|||||&#8220; border_width_bottom=&#8220;2px&#8220; border_color_bottom=&#8220;RGBA(221,221,221,0.62)&#8220;][et_pb_row column_structure=&#8220;1_2,1_2&#8243; _builder_version=&#8220;4.9.4&#8243; background_size=&#8220;initial&#8220; background_position=&#8220;top_left&#8220; background_repeat=&#8220;repeat&#8220; custom_margin=&#8220;|||&#8220; custom_padding=&#8220;|||&#8220;][et_pb_column type=&#8220;1_2&#8243; _builder_version=&#8220;4.9.4&#8243; _module_preset=&#8220;default&#8220;][et_pb_image src=&#8220;http:\/\/martin.buergener.de\/wp-content\/uploads\/2021\/08\/Martin-Bue-im-Buero-1978.jpeg&#8220; alt=&#8220;Gl\u00fcckliche Kindheit&#8220; title_text=&#8220;Martin B\u00fc im B\u00fcro 1978&#8243; _builder_version=&#8220;4.9.4&#8243; animation_style=&#8220;slide&#8220; animation_direction=&#8220;left&#8220; animation_intensity_slide=&#8220;10%&#8220; always_center_on_mobile=&#8220;off&#8220;][\/et_pb_image][\/et_pb_column][et_pb_column type=&#8220;1_2&#8243; _builder_version=&#8220;3.25&#8243; background_position=&#8220;top_left&#8220; custom_padding=&#8220;|||&#8220; custom_padding__hover=&#8220;|||&#8220;][et_pb_divider show_divider=&#8220;off&#8220; _builder_version=&#8220;3.2&#8243; max_width=&#8220;60px&#8220; module_alignment=&#8220;left&#8220; custom_margin=&#8220;||10px|&#8220; saved_tabs=&#8220;all&#8220; locked=&#8220;off&#8220;][\/et_pb_divider][et_pb_text disabled_on=&#8220;on|on|off&#8220; _builder_version=&#8220;4.9.4&#8243; text_font=&#8220;||||||||&#8220; header_font=&#8220;||||||||&#8220; header_2_font=&#8220;Playfair Display||||&#8220; header_2_font_size=&#8220;48px&#8220; header_2_line_height=&#8220;1.3em&#8220; background_size=&#8220;initial&#8220; background_position=&#8220;top_left&#8220; background_repeat=&#8220;repeat&#8220; header_font_size__hover=&#8220;30px&#8220; header_font_size__hover_enabled=&#8220;30px&#8220; header_letter_spacing__hover=&#8220;0px&#8220; header_letter_spacing__hover_enabled=&#8220;0px&#8220; header_text_shadow_style__hover=&#8220;none&#8220; header_text_shadow_style__hover_enabled=&#8220;none&#8220; header_text_shadow_color__hover=&#8220;rgba(0,0,0,0.4)&#8220; header_text_shadow_color__hover_enabled=&#8220;rgba(0,0,0,0.4)&#8220;]<\/p>\n<h2>Die Jugend mit Arbeit vers\u00fc\u00dft.<\/h2>\n<p>&nbsp;<\/p>\n<p>[\/et_pb_text][et_pb_text _builder_version=&#8220;4.9.4&#8243; text_font=&#8220;Montserrat||||&#8220; text_text_color=&#8220;#939393&#8243; text_font_size=&#8220;17px&#8220; text_line_height=&#8220;1.8em&#8220; header_font=&#8220;||||&#8220; background_size=&#8220;initial&#8220; background_position=&#8220;top_left&#8220; background_repeat=&#8220;repeat&#8220; max_width=&#8220;700px&#8220; animation_style=&#8220;slide&#8220; animation_direction=&#8220;top&#8220; animation_intensity_slide=&#8220;4%&#8220; hover_enabled=&#8220;0&#8243; sticky_enabled=&#8220;0&#8243;]<\/p>\n<p><span style=\"font-size: 17px;\">OK, es gab Zeiten, in denen mir Schule auch Spa\u00df gemacht hat, bis ich gemerkt hatte, dass Arbeit, die zu mir passt, och mehr Spa\u00df macht. F\u00fcr mich war Arbeit selten Belastung, sondern eher sch\u00f6ner Lebensinhalt.<\/span><\/p>\n<p>[\/et_pb_text][\/et_pb_column][\/et_pb_row][\/et_pb_section][et_pb_section fb_built=&#8220;1&#8243; admin_label=&#8220;Our Story&#8220; _builder_version=&#8220;4.9.4&#8243; background_color=&#8220;#ffffff&#8220; background_position=&#8220;top_left&#8220; custom_padding=&#8220;0px|0px|0px|0px||&#8220; border_width_bottom=&#8220;2px&#8220; border_color_bottom=&#8220;RGBA(221,221,221,0.62)&#8220; collapsed=&#8220;off&#8220;][et_pb_row column_structure=&#8220;1_2,1_2&#8243; _builder_version=&#8220;3.25&#8243; background_size=&#8220;initial&#8220; background_position=&#8220;top_left&#8220; background_repeat=&#8220;repeat&#8220; custom_margin=&#8220;|||&#8220; custom_padding=&#8220;|||&#8220;][et_pb_column type=&#8220;1_2&#8243; _builder_version=&#8220;3.25&#8243; background_position=&#8220;top_left&#8220; custom_padding=&#8220;|||&#8220; custom_padding__hover=&#8220;|||&#8220;][et_pb_divider show_divider=&#8220;off&#8220; _builder_version=&#8220;3.2&#8243; max_width=&#8220;60px&#8220; module_alignment=&#8220;left&#8220; custom_margin=&#8220;||10px|&#8220; saved_tabs=&#8220;all&#8220; locked=&#8220;off&#8220;][\/et_pb_divider][et_pb_text disabled_on=&#8220;on|on|off&#8220; _builder_version=&#8220;4.9.4&#8243; text_font=&#8220;||||||||&#8220; header_font=&#8220;||||||||&#8220; header_2_font=&#8220;Playfair Display||||&#8220; header_2_font_size=&#8220;48px&#8220; header_2_line_height=&#8220;1.3em&#8220; background_size=&#8220;initial&#8220; background_position=&#8220;top_left&#8220; background_repeat=&#8220;repeat&#8220; header_font_size__hover=&#8220;30px&#8220; header_font_size__hover_enabled=&#8220;30px&#8220; header_letter_spacing__hover=&#8220;0px&#8220; header_letter_spacing__hover_enabled=&#8220;0px&#8220; header_text_shadow_style__hover=&#8220;none&#8220; header_text_shadow_style__hover_enabled=&#8220;none&#8220; header_text_shadow_color__hover=&#8220;rgba(0,0,0,0.4)&#8220; header_text_shadow_color__hover_enabled=&#8220;rgba(0,0,0,0.4)&#8220;]<\/p>\n<h2>Vaterfreuden &#8222;schon&#8220; mit Mitte 20!<\/h2>\n<p>&nbsp;<\/p>\n<p>[\/et_pb_text][et_pb_text _builder_version=&#8220;4.9.4&#8243; text_font=&#8220;Montserrat||||&#8220; text_text_color=&#8220;#939393&#8243; text_font_size=&#8220;17px&#8220; text_line_height=&#8220;1.8em&#8220; header_font=&#8220;||||&#8220; background_size=&#8220;initial&#8220; background_position=&#8220;top_left&#8220; background_repeat=&#8220;repeat&#8220; max_width=&#8220;700px&#8220; animation_style=&#8220;slide&#8220; animation_direction=&#8220;top&#8220; animation_intensity_slide=&#8220;4%&#8220;]<\/p>\n<p><span style=\"font-size: 17px;\">Und weil meine Kindheit so gl\u00fccklich war, sollte es meinen mindestens genauso ergehen. Wenn ich sie heute so sehe, w\u00fcrde ich sagen: Das ist gelungen \ud83d\ude42<\/span><\/p>\n<p>[\/et_pb_text][\/et_pb_column][et_pb_column type=&#8220;1_2&#8243; _builder_version=&#8220;3.25&#8243; background_position=&#8220;top_left&#8220; custom_padding=&#8220;|||&#8220; custom_padding__hover=&#8220;|||&#8220;][et_pb_image src=&#8220;http:\/\/martin.buergener.de\/wp-content\/uploads\/2021\/08\/Holland-1998.jpeg&#8220; alt=&#8220;Gl\u00fcckliche Kindheit&#8220; title_text=&#8220;Holland 1998&#8243; _builder_version=&#8220;4.9.4&#8243; animation_style=&#8220;slide&#8220; animation_direction=&#8220;left&#8220; animation_intensity_slide=&#8220;10%&#8220; always_center_on_mobile=&#8220;off&#8220;][\/et_pb_image][\/et_pb_column][\/et_pb_row][\/et_pb_section][et_pb_section fb_built=&#8220;1&#8243; _builder_version=&#8220;4.9.4&#8243; _module_preset=&#8220;default&#8220; custom_padding=&#8220;0px||21px|||&#8220;][et_pb_row column_structure=&#8220;1_2,1_2&#8243; _builder_version=&#8220;4.9.4&#8243; background_size=&#8220;initial&#8220; background_position=&#8220;top_left&#8220; background_repeat=&#8220;repeat&#8220; custom_margin=&#8220;|||&#8220; custom_padding=&#8220;|||&#8220;][et_pb_column type=&#8220;1_2&#8243; _builder_version=&#8220;4.9.4&#8243; _module_preset=&#8220;default&#8220;][et_pb_image src=&#8220;http:\/\/martin.buergener.de\/wp-content\/uploads\/2020\/08\/IMG_0610-1.jpeg&#8220; alt=&#8220;Gl\u00fcckliche Kindheit&#8220; title_text=&#8220;IMG_0610&#8243; _builder_version=&#8220;4.9.4&#8243; animation_style=&#8220;slide&#8220; animation_direction=&#8220;left&#8220; animation_intensity_slide=&#8220;10%&#8220; always_center_on_mobile=&#8220;off&#8220;][\/et_pb_image][\/et_pb_column][et_pb_column type=&#8220;1_2&#8243; _builder_version=&#8220;3.25&#8243; background_position=&#8220;top_left&#8220; custom_padding=&#8220;|||&#8220; custom_padding__hover=&#8220;|||&#8220;][et_pb_divider show_divider=&#8220;off&#8220; _builder_version=&#8220;3.2&#8243; max_width=&#8220;60px&#8220; module_alignment=&#8220;left&#8220; custom_margin=&#8220;||10px|&#8220; saved_tabs=&#8220;all&#8220; locked=&#8220;off&#8220;][\/et_pb_divider][et_pb_text disabled_on=&#8220;on|on|off&#8220; _builder_version=&#8220;4.9.4&#8243; text_font=&#8220;||||||||&#8220; header_font=&#8220;||||||||&#8220; header_2_font=&#8220;Playfair Display||||&#8220; header_2_font_size=&#8220;48px&#8220; header_2_line_height=&#8220;1.3em&#8220; background_size=&#8220;initial&#8220; background_position=&#8220;top_left&#8220; background_repeat=&#8220;repeat&#8220; header_font_size__hover=&#8220;30px&#8220; header_font_size__hover_enabled=&#8220;30px&#8220; header_letter_spacing__hover=&#8220;0px&#8220; header_letter_spacing__hover_enabled=&#8220;0px&#8220; header_text_shadow_style__hover=&#8220;none&#8220; header_text_shadow_style__hover_enabled=&#8220;none&#8220; header_text_shadow_color__hover=&#8220;rgba(0,0,0,0.4)&#8220; header_text_shadow_color__hover_enabled=&#8220;rgba(0,0,0,0.4)&#8220;]<\/p>\n<h2>Das gro\u00dfe Gl\u00fcck auf dem &#8222;2. Liebesweg&#8220;<\/h2>\n<p>[\/et_pb_text][et_pb_text _builder_version=&#8220;4.9.4&#8243; text_font=&#8220;Montserrat||||&#8220; text_text_color=&#8220;#939393&#8243; text_font_size=&#8220;17px&#8220; text_line_height=&#8220;1.8em&#8220; header_font=&#8220;||||&#8220; background_size=&#8220;initial&#8220; background_position=&#8220;top_left&#8220; background_repeat=&#8220;repeat&#8220; max_width=&#8220;700px&#8220; animation_style=&#8220;slide&#8220; animation_direction=&#8220;top&#8220; animation_intensity_slide=&#8220;4%&#8220;]<\/p>\n<p><span style=\"font-size: 17px;\">2010 war es soweit: Ich heiratete meinen Schatz Tina im beschaulichen Attendorn. Seitdem genie\u00dfen wir das Leben mit Arbeit, Freizeit, Urlaub und ganz besonders mit unseren Liebsten.<\/span><\/p>\n<p>Siehe auch Familienseite.<span style=\"font-size: 17px;\"><\/span><\/p>\n<p><span style=\"font-size: 17px;\"><\/span><\/p>\n<p>[\/et_pb_text][\/et_pb_column][\/et_pb_row][\/et_pb_section][et_pb_section fb_built=&#8220;1&#8243; _builder_version=&#8220;4.9.4&#8243; _module_preset=&#8220;default&#8220; custom_padding=&#8220;2px||8px|||&#8220;][et_pb_row _builder_version=&#8220;4.9.4&#8243; _module_preset=&#8220;default&#8220;][et_pb_column type=&#8220;4_4&#8243; _builder_version=&#8220;4.9.4&#8243; _module_preset=&#8220;default&#8220;][et_pb_gallery gallery_ids=&#8220;1620,1609,1595,1619,1611,1604,1575&#8243; orientation=&#8220;portrait&#8220; show_title_and_caption=&#8220;off&#8220; _builder_version=&#8220;4.9.4&#8243; _module_preset=&#8220;default&#8220; min_height=&#8220;282.4px&#8220;][\/et_pb_gallery][\/et_pb_column][\/et_pb_row][\/et_pb_section][et_pb_section fb_built=&#8220;1&#8243; _builder_version=&#8220;4.9.4&#8243; _module_preset=&#8220;default&#8220; custom_padding=&#8220;15px|||||&#8220; border_width_top=&#8220;2px&#8220; border_color_top=&#8220;RGBA(221,221,221,0.62)&#8220;][et_pb_row column_structure=&#8220;1_3,1_3,1_3&#8243; _builder_version=&#8220;4.9.4&#8243; _module_preset=&#8220;default&#8220;][et_pb_column type=&#8220;1_3&#8243; _builder_version=&#8220;4.9.4&#8243; _module_preset=&#8220;default&#8220;][et_pb_image src=&#8220;http:\/\/martin.buergener.de\/wp-content\/uploads\/2020\/08\/Martin_neutral01-1.jpeg&#8220; title_text=&#8220;Martin_neutral01&#8243; _builder_version=&#8220;4.9.4&#8243; _module_preset=&#8220;default&#8220; max_height_tablet=&#8220;&#8220; max_height_phone=&#8220;&#8220; max_height_last_edited=&#8220;on|desktop&#8220; custom_margin=&#8220;|-58px||||&#8220;][\/et_pb_image][\/et_pb_column][et_pb_column type=&#8220;1_3&#8243; _builder_version=&#8220;4.9.4&#8243; _module_preset=&#8220;default&#8220;][et_pb_text _builder_version=&#8220;4.9.4&#8243; _module_preset=&#8220;default&#8220; text_font=&#8220;Montserrat||||||||&#8220; text_font_size=&#8220;17px&#8220; hover_enabled=&#8220;0&#8243; text_line_height=&#8220;1.8em&#8220; sticky_enabled=&#8220;0&#8243;]<\/p>\n<p>Der liebe Gott muss es gut mit mir gemeint haben. Auch wenn ich in meinem Leben schon so einige H\u00fcrden \u00fcberwinden musste, so hatte ich am Ende auch immer ein Qu\u00e4ntchen Gl\u00fcck dabei. Mit zunehmenden Alter kommt noch eine gro\u00dfe Portion Dankbarkeit dazu, was mich zu einem sehr gl\u00fccklichen Menschen macht.<\/p>\n<p>[\/et_pb_text][\/et_pb_column][et_pb_column type=&#8220;1_3&#8243; _builder_version=&#8220;4.9.4&#8243; _module_preset=&#8220;default&#8220;][et_pb_image src=&#8220;http:\/\/martin.buergener.de\/wp-content\/uploads\/2020\/08\/Martin_neutral-1.jpeg&#8220; title_text=&#8220;Martin_neutral&#8220; _builder_version=&#8220;4.9.4&#8243; _module_preset=&#8220;default&#8220; custom_margin=&#8220;|||-60px||&#8220; custom_padding=&#8220;|||9px||&#8220;][\/et_pb_image][\/et_pb_column][\/et_pb_row][\/et_pb_section]<\/p>\n","protected":false},"excerpt":{"rendered":"<p>[et_pb_section fb_built=&#8220;1&#8243; next_background_color=&#8220;#ffffff&#8220; _builder_version=&#8220;4.9.4&#8243; _module_preset=&#8220;default&#8220; background_color=&#8220;rgba(89,89,89,0)&#8220; use_background_color_gradient=&#8220;on&#8220; background_color_gradient_start=&#8220;#969696&#8243; background_image=&#8220;http:\/\/martin.buergener.de\/wp-content\/uploads\/2021\/08\/Martin-Bue-Meran-1970.jpg&#8220; vertical_offset=&#8220;0px&#8220; custom_padding=&#8220;467px|||||&#8220; bottom_divider_style=&#8220;asymmetric2&#8243;][et_pb_row _builder_version=&#8220;4.9.4&#8243; _module_preset=&#8220;default&#8220;][et_pb_column type=&#8220;4_4&#8243; _builder_version=&#8220;4.9.4&#8243; _module_preset=&#8220;default&#8220;][et_pb_text _builder_version=&#8220;4.9.4&#8243; _module_preset=&#8220;default&#8220; header_font=&#8220;Abhaya Libre||||||||&#8220; header_text_color=&#8220;#FFFFFF&#8220; header_font_size=&#8220;100px&#8220;] \u00dcber mich&#8230; [\/et_pb_text][\/et_pb_column][\/et_pb_row][\/et_pb_section][et_pb_section fb_built=&#8220;1&#8243; admin_label=&#8220;Our Story&#8220; _builder_version=&#8220;4.9.4&#8243; background_color=&#8220;#ffffff&#8220; background_position=&#8220;top_left&#8220; custom_padding=&#8220;0px|0px|0px|0px||&#8220; border_width_bottom=&#8220;2px&#8220; border_color_bottom=&#8220;RGBA(221,221,221,0.62)&#8220; collapsed=&#8220;off&#8220;][et_pb_row column_structure=&#8220;1_2,1_2&#8243; _builder_version=&#8220;3.25&#8243; background_size=&#8220;initial&#8220; background_position=&#8220;top_left&#8220; background_repeat=&#8220;repeat&#8220; custom_margin=&#8220;|||&#8220; custom_padding=&#8220;|||&#8220;][et_pb_column type=&#8220;1_2&#8243; _builder_version=&#8220;3.25&#8243; background_position=&#8220;top_left&#8220; custom_padding=&#8220;|||&#8220; custom_padding__hover=&#8220;|||&#8220;][et_pb_divider show_divider=&#8220;off&#8220; _builder_version=&#8220;3.2&#8243; max_width=&#8220;60px&#8220; module_alignment=&#8220;left&#8220; custom_margin=&#8220;||10px|&#8220; saved_tabs=&#8220;all&#8220; locked=&#8220;off&#8220;][\/et_pb_divider][et_pb_text [&hellip;]<\/p>\n","protected":false},"author":1,"featured_media":0,"parent":0,"menu_order":0,"comment_status":"closed","ping_status":"closed","template":"","meta":{"_et_pb_use_builder":"on","_et_pb_old_content":"<!-- wp:paragraph -->\n<p>1965 in Velbert geboren, dem Ort, den ich seitdem lediglich f\u00fcr Urlaube oder Aussentermine verlasse. \u00dcbergl\u00fccklich lebe ich hier, was in erster Linie daran liegt, dass ich all meine Lieblingsmenschen hier um mich herum habe. <\/p>\n<!-- \/wp:paragraph -->\n\n<!-- wp:gallery {\"ids\":[1616,1597],\"linkTo\":\"media\",\"sizeSlug\":\"full\"} -->\n<figure class=\"wp-block-gallery columns-2 is-cropped\"><ul class=\"blocks-gallery-grid\"><li class=\"blocks-gallery-item\"><figure><a href=\"http:\/\/martin.buergener.de\/wp-content\/uploads\/2020\/08\/Martin_neutral01-1.jpeg\"><img src=\"http:\/\/martin.buergener.de\/wp-content\/uploads\/2020\/08\/Martin_neutral01-1.jpeg\" alt=\"\" data-id=\"1616\" data-full-url=\"http:\/\/martin.buergener.de\/wp-content\/uploads\/2020\/08\/Martin_neutral01-1.jpeg\" data-link=\"http:\/\/martin.buergener.de\/ueber-mich\/attachment\/martin_neutral01-2\/\" class=\"wp-image-1616\"\/><\/a><\/figure><\/li><li class=\"blocks-gallery-item\"><figure><a href=\"http:\/\/martin.buergener.de\/wp-content\/uploads\/2020\/08\/Martin_neutral-1.jpeg\"><img src=\"http:\/\/martin.buergener.de\/wp-content\/uploads\/2020\/08\/Martin_neutral-1.jpeg\" alt=\"\" data-id=\"1597\" data-full-url=\"http:\/\/martin.buergener.de\/wp-content\/uploads\/2020\/08\/Martin_neutral-1.jpeg\" data-link=\"http:\/\/martin.buergener.de\/ueber-mich\/attachment\/martin_neutral-2\/\" class=\"wp-image-1597\"\/><\/a><\/figure><\/li><\/ul><\/figure>\n<!-- \/wp:gallery -->\n\n<!-- wp:heading -->\n<h2>Gl\u00fcckliche Kindheit, gl\u00fccklich im Leben.<\/h2>\n<!-- \/wp:heading -->\n\n<!-- wp:paragraph -->\n<p>Der liebe Gott muss es gut mit mir gemeint haben. Auch wenn ich in meinem Leben schon so einige H\u00fcrden \u00fcberwinden musste, so hatte ich am Ende auch immer ein Qu\u00e4ntchen Gl\u00fcck dabei. Mit zunehmenden Alter kommt noch eine gro\u00dfe Portion Dankbarkeit dazu, was mich zu einem sehr gl\u00fccklichen Menschen macht.<\/p>\n<!-- \/wp:paragraph -->\n\n<!-- wp:gallery {\"ids\":[1602,1617,1615],\"linkTo\":\"media\"} -->\n<figure class=\"wp-block-gallery columns-3 is-cropped\"><ul class=\"blocks-gallery-grid\"><li class=\"blocks-gallery-item\"><figure><a href=\"http:\/\/martin.buergener.de\/wp-content\/uploads\/2020\/08\/IMG_4209-1-scaled.jpeg\"><img src=\"http:\/\/martin.buergener.de\/wp-content\/uploads\/2020\/08\/IMG_4209-1-768x1024.jpeg\" alt=\"\" data-id=\"1602\" data-full-url=\"http:\/\/martin.buergener.de\/wp-content\/uploads\/2020\/08\/IMG_4209-1-scaled.jpeg\" data-link=\"http:\/\/martin.buergener.de\/ueber-mich\/attachment\/img_4209-2\/\" class=\"wp-image-1602\"\/><\/a><\/figure><\/li><li class=\"blocks-gallery-item\"><figure><a href=\"http:\/\/martin.buergener.de\/wp-content\/uploads\/2020\/08\/20180825-_MG_3763-Big-1.jpeg\"><img src=\"http:\/\/martin.buergener.de\/wp-content\/uploads\/2020\/08\/20180825-_MG_3763-Big-1-1024x683.jpeg\" alt=\"\" data-id=\"1617\" data-full-url=\"http:\/\/martin.buergener.de\/wp-content\/uploads\/2020\/08\/20180825-_MG_3763-Big-1.jpeg\" data-link=\"http:\/\/martin.buergener.de\/ueber-mich\/attachment\/20180825-_mg_3763-big-2\/\" class=\"wp-image-1617\"\/><\/a><\/figure><\/li><li class=\"blocks-gallery-item\"><figure><a href=\"http:\/\/martin.buergener.de\/wp-content\/uploads\/2020\/08\/IMG_1879-1-scaled.jpeg\"><img src=\"http:\/\/martin.buergener.de\/wp-content\/uploads\/2020\/08\/IMG_1879-1-768x1024.jpeg\" alt=\"\" data-id=\"1615\" data-full-url=\"http:\/\/martin.buergener.de\/wp-content\/uploads\/2020\/08\/IMG_1879-1-scaled.jpeg\" data-link=\"http:\/\/martin.buergener.de\/ueber-mich\/attachment\/img_1879-2\/\" class=\"wp-image-1615\"\/><\/a><\/figure><\/li><\/ul><\/figure>\n<!-- \/wp:gallery -->\n\n<!-- wp:heading -->\n<h2>2010: Ich heirate die Frau meines Lebens :-)<\/h2>\n<!-- \/wp:heading -->\n\n<!-- wp:paragraph -->\n<p>Auch hier hatte ich gro\u00dfes Gl\u00fcck. Nach vielen liebevollen Jahren gaben meine Traumfrau und ich uns im Jahr 2010 das Jawort.<\/p>\n<!-- \/wp:paragraph -->\n\n<!-- wp:gallery {\"ids\":[1606,1609,1611,1619,1620,1595,1607]} -->\n<figure class=\"wp-block-gallery columns-3 is-cropped\"><ul class=\"blocks-gallery-grid\"><li class=\"blocks-gallery-item\"><figure><img src=\"http:\/\/martin.buergener.de\/wp-content\/uploads\/2020\/08\/IMG_0113-1-1024x768.jpeg\" alt=\"\" data-id=\"1606\" data-full-url=\"http:\/\/martin.buergener.de\/wp-content\/uploads\/2020\/08\/IMG_0113-1.jpeg\" data-link=\"http:\/\/martin.buergener.de\/ueber-mich\/attachment\/img_0113-2\/\" class=\"wp-image-1606\"\/><\/figure><\/li><li class=\"blocks-gallery-item\"><figure><img src=\"http:\/\/martin.buergener.de\/wp-content\/uploads\/2020\/08\/IMG_0114-1-1-1024x768.jpeg\" alt=\"\" data-id=\"1609\" data-full-url=\"http:\/\/martin.buergener.de\/wp-content\/uploads\/2020\/08\/IMG_0114-1-1.jpeg\" data-link=\"http:\/\/martin.buergener.de\/ueber-mich\/attachment\/img_0114-1-2\/\" class=\"wp-image-1609\"\/><\/figure><\/li><li class=\"blocks-gallery-item\"><figure><img src=\"http:\/\/martin.buergener.de\/wp-content\/uploads\/2020\/08\/IMG_4549-1-768x1024.jpeg\" alt=\"\" data-id=\"1611\" data-full-url=\"http:\/\/martin.buergener.de\/wp-content\/uploads\/2020\/08\/IMG_4549-1-scaled.jpeg\" data-link=\"http:\/\/martin.buergener.de\/ueber-mich\/attachment\/img_4549-2\/\" class=\"wp-image-1611\"\/><\/figure><\/li><li class=\"blocks-gallery-item\"><figure><img src=\"http:\/\/martin.buergener.de\/wp-content\/uploads\/2020\/08\/DSCN8036-1-1024x768.jpeg\" alt=\"\" data-id=\"1619\" data-full-url=\"http:\/\/martin.buergener.de\/wp-content\/uploads\/2020\/08\/DSCN8036-1.jpeg\" data-link=\"http:\/\/martin.buergener.de\/ueber-mich\/attachment\/dscn8036-2\/\" class=\"wp-image-1619\"\/><\/figure><\/li><li class=\"blocks-gallery-item\"><figure><img src=\"http:\/\/martin.buergener.de\/wp-content\/uploads\/2020\/08\/Michi-Krieger-60ster-Party-Bonn-Basecamp-1-1024x732.jpeg\" alt=\"\" data-id=\"1620\" data-full-url=\"http:\/\/martin.buergener.de\/wp-content\/uploads\/2020\/08\/Michi-Krieger-60ster-Party-Bonn-Basecamp-1.jpeg\" data-link=\"http:\/\/martin.buergener.de\/ueber-mich\/attachment\/michi-krieger-60ster-party-bonn-basecamp-2\/\" class=\"wp-image-1620\"\/><\/figure><\/li><li class=\"blocks-gallery-item\"><figure><img src=\"http:\/\/martin.buergener.de\/wp-content\/uploads\/2020\/08\/IMG_1702-1-1024x770.jpeg\" alt=\"\" data-id=\"1595\" data-full-url=\"http:\/\/martin.buergener.de\/wp-content\/uploads\/2020\/08\/IMG_1702-1.jpeg\" data-link=\"http:\/\/martin.buergener.de\/ueber-mich\/attachment\/img_1702-2\/\" class=\"wp-image-1595\"\/><\/figure><\/li><li class=\"blocks-gallery-item\"><figure><img src=\"http:\/\/martin.buergener.de\/wp-content\/uploads\/2020\/08\/IMG_0610-1-1024x831.jpeg\" alt=\"\" data-id=\"1607\" data-full-url=\"http:\/\/martin.buergener.de\/wp-content\/uploads\/2020\/08\/IMG_0610-1.jpeg\" data-link=\"http:\/\/martin.buergener.de\/ueber-mich\/attachment\/img_0610-2\/\" class=\"wp-image-1607\"\/><\/figure><\/li><\/ul><\/figure>\n<!-- \/wp:gallery -->\n\n<!-- wp:heading -->\n<h2>Und zusammen haben wir die tollsten Kinder der Welt!<\/h2>\n<!-- \/wp:heading -->\n\n<!-- wp:paragraph -->\n<p>Siehe Familienseite...<\/p>\n<!-- \/wp:paragraph -->","_et_gb_content_width":""},"_links":{"self":[{"href":"http:\/\/martin.buergener.de\/startseite\/wp-json\/wp\/v2\/pages\/1371"}],"collection":[{"href":"http:\/\/martin.buergener.de\/startseite\/wp-json\/wp\/v2\/pages"}],"about":[{"href":"http:\/\/martin.buergener.de\/startseite\/wp-json\/wp\/v2\/types\/page"}],"author":[{"embeddable":true,"href":"http:\/\/martin.buergener.de\/startseite\/wp-json\/wp\/v2\/users\/1"}],"replies":[{"embeddable":true,"href":"http:\/\/martin.buergener.de\/startseite\/wp-json\/wp\/v2\/comments?post=1371"}],"version-history":[{"count":15,"href":"http:\/\/martin.buergener.de\/startseite\/wp-json\/wp\/v2\/pages\/1371\/revisions"}],"predecessor-version":[{"id":1936,"href":"http:\/\/martin.buergener.de\/startseite\/wp-json\/wp\/v2\/pages\/1371\/revisions\/1936"}],"wp:attachment":[{"href":"http:\/\/martin.buergener.de\/startseite\/wp-json\/wp\/v2\/media?parent=1371"}],"curies":[{"name":"wp","href":"https:\/\/api.w.org\/{rel}","templated":true}]}}